{"id":2254,"date":"2021-05-20T19:19:00","date_gmt":"2021-05-20T17:19:00","guid":{"rendered":"https:\/\/www.weltladen.bz.it\/amministrazione-trasparente\/"},"modified":"2023-06-22T14:36:31","modified_gmt":"2023-06-22T12:36:31","slug":"amministrazione-trasparente","status":"publish","type":"page","link":"https:\/\/www.weltladen.bz.it\/en\/amministrazione-trasparente\/","title":{"rendered":"Amministrazione Trasparente"},"content":{"rendered":"\t\t<div data-elementor-type=\"wp-page\" data-elementor-id=\"2254\" class=\"elementor elementor-2254 elementor-2249\">\n\t\t\t\t\t\t<section class=\"elementor-section elementor-top-section elementor-element elementor-element-f06ab06 elementor-section-boxed elementor-section-height-default elementor-section-height-default\" data-id=\"f06ab06\" data-element_type=\"section\">\n\t\t\t\t\t\t<div class=\"elementor-container elementor-column-gap-default\">\n\t\t\t\t\t<div class=\"elementor-column elementor-col-100 elementor-top-column elementor-element elementor-element-2dd52e8\" data-id=\"2dd52e8\" data-element_type=\"column\">\n\t\t\t<div class=\"elementor-widget-wrap\">\n\t\t\t\t\t\t\t<\/div>\n\t\t<\/div>\n\t\t\t\t\t<\/div>\n\t\t<\/section>\n\t\t\t\t<section class=\"elementor-section elementor-top-section elementor-element elementor-element-6f50152 elementor-section-boxed elementor-section-height-default elementor-section-height-default\" data-id=\"6f50152\" data-element_type=\"section\">\n\t\t\t\t\t\t<div class=\"elementor-container elementor-column-gap-default\">\n\t\t\t\t\t<div class=\"elementor-column elementor-col-100 elementor-top-column elementor-element elementor-element-7e00aff\" data-id=\"7e00aff\" data-element_type=\"column\">\n\t\t\t<div class=\"elementor-widget-wrap elementor-element-populated\">\n\t\t\t\t\t\t<div class=\"elementor-element elementor-element-a8aac66 elementor-widget elementor-widget-heading\" data-id=\"a8aac66\" data-element_type=\"widget\" data-widget_type=\"heading.default\">\n\t\t\t\t<div class=\"elementor-widget-container\">\n\t\t\t\t\t<h3 class=\"elementor-heading-title elementor-size-default\">Obbligo di trasparenza dei contributi pubblici<\/h3>\t\t\t\t<\/div>\n\t\t\t\t<\/div>\n\t\t\t\t<div class=\"elementor-element elementor-element-b68df77 elementor-widget elementor-widget-text-editor\" data-id=\"b68df77\" data-element_type=\"widget\" data-widget_type=\"text-editor.default\">\n\t\t\t\t<div class=\"elementor-widget-container\">\n\t\t\t\t\t\t\t\t\t<span style=\"color: #626262;\">Im Sinne des Gesetzes Nr. 124 von 2017 (Art. 1 Abs. 124) informieren wir dar\u00fcber, dass Weltladen Bruneck Soz. Gen. im Gesch\u00e4ftsjahr <strong>2022<\/strong> von der \u00f6ffentlichen Verwaltung zur teilweisen Deckung der Kosten, als Beitr\u00e4ge oder in Form \u00f6ffentlicher Auftr\u00e4ge folgende Betr\u00e4ge erhalten hat:\nSpesenzuschuss Covid-19: \u20ac 3.811,00;\nBeitrag 5 \u2030 f\u00fcr Unternehmen des dritten Sektors: \u20ac 1.269,00;\n\n\nIm Sinne des Gesetzes Nr. 124 von 2017 (Art. 1 Abs. 124) informieren wir dar\u00fcber, dass Weltladen Bozen Soz. Gen. im Gesch\u00e4ftsjahr <strong>2021<\/strong> von der \u00f6ffentlichen Verwaltung zur teilweisen Deckung der Kosten, als Beitr\u00e4ge oder in Form \u00f6ffentlicher Auftr\u00e4ge folgende Betr\u00e4ge erhalten hat:\n\n<\/span>\n<table width=\"633\">\n<tbody>\n<tr>\n<td width=\"101\"><strong>Datum Auszahlung<\/strong><\/td>\n<td width=\"96\"><strong>Betrag in Euro<\/strong><\/td>\n<td width=\"157\"><strong>Empf\u00e4nger<\/strong><\/td>\n<td width=\"110\"><strong>Gew\u00e4hrende K\u00f6rperschaft<\/strong><\/td>\n<td width=\"168\"><strong>Zweck<\/strong><\/td>\n<\/tr>\n<tr>\n<td width=\"101\">01\/04\/2021<\/td>\n<td width=\"96\">25.413,44<\/td>\n<td width=\"157\">Weltladen Bozen Sozialgenossenschaft<\/td>\n<td width=\"110\">Autonome Provinz Bozen<\/td>\n<td width=\"168\">Beitrag f\u00fcr Bewu\u00dftseinsbildung \u2013 Akonto 2021<\/td>\n<\/tr>\n<tr>\n<td width=\"101\">19\/07\/2021<\/td>\n<td width=\"96\">2.849,33<\/td>\n<td width=\"157\">Weltladen Bozen Sozialgenossenschaft<\/td>\n<td width=\"110\">Autonome Provinz Bozen<\/td>\n<td width=\"168\">Beitrag pro Weltladen FAIR TRADE<\/td>\n<\/tr>\n<tr>\n<td width=\"101\">23\/08\/2021<\/td>\n<td width=\"96\">10.346,81<\/td>\n<td width=\"157\">Weltladen Bozen Sozialgenossenschaft<\/td>\n<td width=\"110\">Autonome Provinz Bozen<\/td>\n<td width=\"168\">Beitrag f\u00fcr Bewu\u00dftseinsbildung \u2013 Saldo 2019<\/td>\n<\/tr>\n<tr>\n<td width=\"101\"><strong>\u00a0<\/strong><\/td>\n<td width=\"96\"><strong>38.609,58<\/strong><\/td>\n<td width=\"157\"><strong>In 2021 ausgezahlte, \u00f6ffentlich Beitr\u00e4ge<\/strong><\/td>\n<td width=\"110\"><strong>\u00a0<\/strong><\/td>\n<td width=\"168\"><\/td>\n<\/tr>\n<\/tbody>\n<\/table>\nIm Sinne des Gesetzes Nr. 124 von 2017 (Art. 1 Abs. 124) informieren wir dar\u00fcber, dass Weltladen Bozen Soz. Gen. im Gesch\u00e4ftsjahr <strong>2020<\/strong> von der \u00f6ffentlichen Verwaltung zur teilweisen Deckung der Kosten, als Beitr\u00e4ge oder in Form \u00f6ffentlicher Auftr\u00e4ge folgende Betr\u00e4ge erhalten hat:\nBezeichnung Einrichtung Autonome Provinz Bozen Betrag \u20ac 8.641,35 als teilweise Deckung der Kosten;\nBezeichnung Einrichtung Autonome Provinz Bozen Betrag \u20ac\u00a0 3.871,84 als vollst\u00e4ndige bzw. teileweise Deckung der Kosten (Landeszivildienst);\nBezeichnung Einrichtung Stiftung S\u00fcdtiroler Sparkasse Betrag \u20ac 3.000,00 als teilweise Deckung der Kosten;\n\n\nIm Sinne des Gesetzes Nr. 124 von 2017 (Art. 1 Abs. 124) informieren wir dar\u00fcber, dass Weltladen Bozen Soz. Gen. im Gesch\u00e4ftsjahr <strong>2019<\/strong> von der \u00f6ffentlichen Verwaltung zur teilweisen Deckung der Kosten, als Beitr\u00e4ge oder in Form \u00f6ffentlicher Auftr\u00e4ge folgende Betr\u00e4ge erhalten hat:\nBezeichnung Einrichtung Autonome Provinz Bozen Betrag \u20ac 27.532,40 als teilweise Deckung der Kosten;\nBezeichnung Einrichtung Autonome Provinz Bozen Betrag \u20ac 4.500,00 als vollst\u00e4ndige Deckung der Kosten (Landeszivildienst);\n\n\nIm Sinne des Gesetzes Nr. 124 von 2017 (Art. 1 Abs. 124) informieren wir dar\u00fcber, dass Weltladen Bozen Soz. Gen. im Gesch\u00e4ftsjahr <strong>2018<\/strong> von der \u00f6ffentlichen Verwaltung zur teilweisen Deckung der Kosten, als Beitr\u00e4ge oder in Form \u00f6ffentlicher Auftr\u00e4ge folgende Betr\u00e4ge erhalten hat:\n<table width=\"630\">\n<tbody>\n<tr>\n<td width=\"98\"><strong>Datum Auszahlung<\/strong><\/td>\n<td width=\"97\"><strong>Betrag in Euro<\/strong><\/td>\n<td width=\"159\"><strong>Empf\u00e4nger<\/strong><\/td>\n<td width=\"110\"><strong>Gew\u00e4hrende K\u00f6rperschaft<\/strong><\/td>\n<td width=\"166\"><strong>Zweck<\/strong><\/td>\n<\/tr>\n<tr>\n<td width=\"98\">23\/03\/2018<\/td>\n<td width=\"97\">8.184,83<\/td>\n<td width=\"159\">Weltladen Bozen Sozialgenossenschaft<\/td>\n<td width=\"110\">Autonome Provinz Bozen<\/td>\n<td width=\"166\">Beitrag Bewu\u00dftseinsbildung \u2013 Saldo 2016<\/td>\n<\/tr>\n<tr>\n<td width=\"98\">23\/03\/2018<\/td>\n<td width=\"97\">1.668,75<\/td>\n<td width=\"159\">Weltladen Bozen Sozialgenossenschaft<\/td>\n<td width=\"110\">Autonome Provinz Bozen<\/td>\n<td width=\"166\">Beitrag Transfer Freiw.Landeszivildienst<\/td>\n<\/tr>\n<tr>\n<td width=\"98\">07\/06\/2018<\/td>\n<td width=\"97\">1.687,50<\/td>\n<td width=\"159\">Weltladen Bozen Sozialgenossenschaft<\/td>\n<td width=\"110\">Autonome Provinz B<\/td>\n<td width=\"166\">Beitrag Transfer Landeszivildienst<\/td>\n<\/tr>\n<tr>\n<td width=\"98\">10\/09\/2018<\/td>\n<td width=\"97\">11.726,10<\/td>\n<td width=\"159\">Weltladen Bozen Sozialgenossenschaft<\/td>\n<td width=\"110\">Autonome Provinz B<\/td>\n<td width=\"166\">Beitrag Bewu\u00dftseinsbildung \u2013 Saldo 2017<\/td>\n<\/tr>\n<tr>\n<td width=\"98\">31\/10\/2018<\/td>\n<td width=\"97\">1.500,00<\/td>\n<td width=\"159\">Weltladen Bozen Sozialgenossenschaft<\/td>\n<td width=\"110\">Autonome Provinz Bozen<\/td>\n<td width=\"166\">Beitrag Fair Cooking<\/td>\n<\/tr>\n<tr>\n<td width=\"98\">12\/12\/2018<\/td>\n<td width=\"97\">1.125,00<\/td>\n<td width=\"159\">Weltladen Bozen Sozialgenossenschaft<\/td>\n<td width=\"110\">Autonome Provinz Bozen<\/td>\n<td width=\"166\">Beitrag Transfer Landeszivildienst<\/td>\n<\/tr>\n<tr>\n<td width=\"98\">12\/12\/2018<\/td>\n<td width=\"97\">562,50<\/td>\n<td width=\"159\">Weltladen Bozen Sozialgenossenschaft<\/td>\n<td width=\"110\">Autonome Provinz Bozen<\/td>\n<td width=\"166\">Beitrag Transfer Landeszivildienst<\/td>\n<\/tr>\n<tr>\n<td width=\"98\">17\/12\/2018<\/td>\n<td width=\"97\">1.687,50<\/td>\n<td width=\"159\">Weltladen Bozen Sozialgenossenschaft<\/td>\n<td width=\"110\">Autonome Provinz Bozen<\/td>\n<td width=\"166\">Beitrag Transfer Landeszivildienst<\/td>\n<\/tr>\n<tr>\n<td width=\"98\"><\/td>\n<td width=\"97\"><strong>28.142,18<\/strong><\/td>\n<td width=\"159\"><strong>In 2018 ausgezahlte, \u00f6ffentlich Beitr\u00e4ge<\/strong><\/td>\n<td width=\"110\"><\/td>\n<td width=\"166\"><\/td>\n<\/tr>\n<\/tbody>\n<\/table>\t\t\t\t\t\t\t\t<\/div>\n\t\t\t\t<\/div>\n\t\t\t\t\t<\/div>\n\t\t<\/div>\n\t\t\t\t\t<\/div>\n\t\t<\/section>\n\t\t\t\t<section class=\"elementor-section elementor-top-section elementor-element elementor-element-32a4fc6 elementor-section-boxed elementor-section-height-default elementor-section-height-default\" data-id=\"32a4fc6\" data-element_type=\"section\">\n\t\t\t\t\t\t<div class=\"elementor-container elementor-column-gap-default\">\n\t\t\t\t\t<div class=\"elementor-column elementor-col-100 elementor-top-column elementor-element elementor-element-aa21fd8\" data-id=\"aa21fd8\" data-element_type=\"column\">\n\t\t\t<div class=\"elementor-widget-wrap\">\n\t\t\t\t\t\t\t<\/div>\n\t\t<\/div>\n\t\t\t\t\t<\/div>\n\t\t<\/section>\n\t\t\t\t<section class=\"elementor-section elementor-top-section elementor-element elementor-element-a5ffadd elementor-section-boxed elementor-section-height-default elementor-section-height-default\" data-id=\"a5ffadd\" data-element_type=\"section\">\n\t\t\t\t\t\t<div class=\"elementor-container elementor-column-gap-default\">\n\t\t\t\t\t<div class=\"elementor-column elementor-col-100 elementor-top-column elementor-element elementor-element-ba0c3db\" data-id=\"ba0c3db\" data-element_type=\"column\">\n\t\t\t<div class=\"elementor-widget-wrap elementor-element-populated\">\n\t\t\t\t\t\t<div class=\"elementor-element elementor-element-5a8e5f2 elementor-widget elementor-widget-image\" data-id=\"5a8e5f2\" data-element_type=\"widget\" data-widget_type=\"image.default\">\n\t\t\t\t<div class=\"elementor-widget-container\">\n\t\t\t\t\t\t\t\t\t\t\t\t\t\t\t\t<a href=\"https:\/\/www.provincia.bz.it\/politica-diritto-relazioni-estere\/cooperazione-sviluppo\/default.asp\">\n\t\t\t\t\t\t\t<img decoding=\"async\" width=\"300\" height=\"100\" src=\"https:\/\/www.weltladen.bz.it\/wp-content\/uploads\/2021\/05\/logo-provinz-300x100.png\" class=\"attachment-medium size-medium wp-image-2237\" alt=\"\" srcset=\"https:\/\/www.weltladen.bz.it\/wp-content\/uploads\/2021\/05\/logo-provinz-300x100.png 300w, https:\/\/www.weltladen.bz.it\/wp-content\/uploads\/2021\/05\/logo-provinz-260x87.png 260w, https:\/\/www.weltladen.bz.it\/wp-content\/uploads\/2021\/05\/logo-provinz-50x17.png 50w, https:\/\/www.weltladen.bz.it\/wp-content\/uploads\/2021\/05\/logo-provinz-150x50.png 150w, https:\/\/www.weltladen.bz.it\/wp-content\/uploads\/2021\/05\/logo-provinz.png 903w\" sizes=\"(max-width:767px) 300px, 300px\" \/>\t\t\t\t\t\t\t\t<\/a>\n\t\t\t\t\t\t\t\t\t\t\t\t\t\t\t<\/div>\n\t\t\t\t<\/div>\n\t\t\t\t\t<\/div>\n\t\t<\/div>\n\t\t\t\t\t<\/div>\n\t\t<\/section>\n\t\t\t\t<\/div>\n\t\t","protected":false},"excerpt":{"rendered":"<p>Obbligo di trasparenza dei contributi pubblici Im Sinne des Gesetzes Nr. 124 von 2017 (Art. 1 Abs. 124) informieren wir dar\u00fcber, dass Weltladen Bruneck Soz. Gen.<span class=\"excerpt-hellip\"> [\u2026]<\/span><\/p>\n","protected":false},"author":4,"featured_media":0,"parent":0,"menu_order":0,"comment_status":"closed","ping_status":"closed","template":"","meta":{"footnotes":""},"class_list":["post-2254","page","type-page","status-publish","hentry"],"_links":{"self":[{"href":"https:\/\/www.weltladen.bz.it\/en\/wp-json\/wp\/v2\/pages\/2254","targetHints":{"allow":["GET"]}}],"collection":[{"href":"https:\/\/www.weltladen.bz.it\/en\/wp-json\/wp\/v2\/pages"}],"about":[{"href":"https:\/\/www.weltladen.bz.it\/en\/wp-json\/wp\/v2\/types\/page"}],"author":[{"embeddable":true,"href":"https:\/\/www.weltladen.bz.it\/en\/wp-json\/wp\/v2\/users\/4"}],"replies":[{"embeddable":true,"href":"https:\/\/www.weltladen.bz.it\/en\/wp-json\/wp\/v2\/comments?post=2254"}],"version-history":[{"count":35,"href":"https:\/\/www.weltladen.bz.it\/en\/wp-json\/wp\/v2\/pages\/2254\/revisions"}],"predecessor-version":[{"id":3301,"href":"https:\/\/www.weltladen.bz.it\/en\/wp-json\/wp\/v2\/pages\/2254\/revisions\/3301"}],"wp:attachment":[{"href":"https:\/\/www.weltladen.bz.it\/en\/wp-json\/wp\/v2\/media?parent=2254"}],"curies":[{"name":"wp","href":"https:\/\/api.w.org\/{rel}","templated":true}]}}